{"id":194,"date":"2011-12-02T16:27:56","date_gmt":"2011-12-02T16:27:56","guid":{"rendered":"http:\/\/cms.impact-structures.com\/?page_id=194"},"modified":"2012-06-03T08:53:20","modified_gmt":"2012-06-03T08:53:20","slug":"suevites-from-the-azuara-and-rubielos-de-la-cerida-spain-impact-structures","status":"publish","type":"page","link":"http:\/\/estructuras-de-impacto.impact-structures.com\/?page_id=194","title":{"rendered":"Suevitas de las estructuras de impacto de Azuara y Rubielos de la C\u00e9rida (Espa\u00f1a)"},"content":{"rendered":"<p>Las suevitas de las estructuras de impacto espa\u00f1olas han sido halladas en dos situaciones de afloramiento:<\/p>\n<p>&#8212; como las denominadas brechas basales en los cr\u00e1teres de impacto gemelos de Azuara y Rubielos de la C\u00e9rida<\/p>\n<p>&#8212; como grandes bloques presentes en canteras sitas en una megabrecha de la estructura de Rubielos de la C\u00e9rida.<\/p>\n<p>El t\u00e9rmino brecha basal hace referencia a su posici\u00f3n estratigr\u00e1fica en la base de las capas no afectadas por la deformaci\u00f3n de impacto (y post-Alp\u00eddicas). La brecha polim\u00edctica y bastante heterog\u00e9nea, presenta en algunos afloramientos m\u00e1s de 20 metros de espesor y puede ser observada en algunas partes de las estructuras de Azuara y Rubielos de la C\u00e9rida yaciendo de manera discordante sobre los materiales del Sistema Ib\u00e9rico plegados por la orogenia alpina y los deformados por el impacto (Fig. 1).<\/p>\n<p><a href=\"http:\/\/impacto.impact-structures.com\/wp-content\/uploads\/2011\/12\/basal.jpg\" target=\"_blank\"><img loading=\"lazy\" decoding=\"async\" class=\"alignnone size-full wp-image-1823\" title=\"basal\" src=\"http:\/\/impacto.impact-structures.com\/wp-content\/uploads\/2011\/12\/basal.jpg\" alt=\"\" width=\"640\" height=\"480\" srcset=\"http:\/\/estructuras-de-impacto.impact-structures.com\/wp-content\/uploads\/2011\/12\/basal.jpg 640w, http:\/\/estructuras-de-impacto.impact-structures.com\/wp-content\/uploads\/2011\/12\/basal-300x225.jpg 300w, http:\/\/estructuras-de-impacto.impact-structures.com\/wp-content\/uploads\/2011\/12\/basal-400x300.jpg 400w\" sizes=\"auto, (max-width: 640px) 85vw, 640px\" \/><\/a><\/p>\n<p><strong>Fig. 1. Brecha basal (suevita) yaciendo de manera discordante sobre calizas del Jur\u00e1sico que presentan un fuerte buzamiento. Levantamiento central en la estructura de Rubielos de la C\u00e9rida.<\/strong><\/p>\n<p>Los componentes presentes en la textura soportada por la matriz de la brecha est\u00e1n formados por fragmentos mayoritariamente muy angulosos \u2013 aunque tambi\u00e9n pueden observarse componentes bien redondeados \u2013 procedentes de rocas del Paleozoico y del Mesozoico. A menudo muestran diversos bordes de reacci\u00f3n en contacto con la matriz. Son abundantes las generaciones de brechas (brechas dentro de brechas). Los clastos muy angulosos, especialmente los de fragmentos calizos sugieren un embutido (inmersi\u00f3n en el seno de una matriz) inmediato despu\u00e9s de la brechaci\u00f3n y mezcla de los componentes Paleozoicos y Mesozoicos. Las muestras de brecha se rompen en fragmentos alrededor de los bordes de los clastos debido a que la matriz es extremadamente dura y a una cementaci\u00f3n excepcional.<\/p>\n<p>La matriz esta compuesta de calcita y (a partir de los an\u00e1lisis de fluorescencia de R-x) de m\u00e1s de un 10% de SIO2. Los an\u00e1lisis por difracci\u00f3n de R-x y la observaci\u00f3n de l\u00e1minas delgadas a gran aumento, no obstante, tan s\u00f3lo permiten identificar \u00ednfimas cantidades de cuarzo y silicatos (p.e., mica). La mayor proporci\u00f3n del contenido de SiO2 es de esperar que se halle en forma de fase amorfa finamente dispersa dentro de la matriz de la brecha. En algunos casos, no obstante, pueden ser observados finos fragmentos de vidrio (ver imagen de debajo) en secciones delgadas de la matriz de la brecha basal, y asumimos que la fase amorfa tambi\u00e9n es vidrio. Estas observaciones estar\u00edan de acuerdo con el modelo de Kieffer&amp; Simonds (1980) que explica la ausencia obvia de capas de fundido de impacto en el interior y aleda\u00f1os de cr\u00e1teres excavados en objetivos sedimentarios. Estos autores concluyen que la gran cantidad de vol\u00e1tiles producidos por choque (a partir de la vaporizaci\u00f3n del agua contenida en los poros y por decarbonataci\u00f3n de las calizas) en objetivos sedimentarios, impide la formaci\u00f3n de capas de fundido y, adem\u00e1s, produce la dispersi\u00f3n del material fundido por choque.<\/p>\n<p>Se\u00f1alamos adem\u00e1s que las secciones delgadas muestran efectos de metamorfismo de choque consistentes en PDFs y PFs en el cuarzo, as\u00ed como cuarzo diapl\u00e9ctico.<\/p>\n<p>De este modo, la brecha basal consistente en una brecha polim\u00edctica con componentes v\u00edtreos y fragmentos minerales que muestran rasgos de metamorfismo de choque, es una t\u00edpica suevita o brecha suev\u00edtica.<\/p>\n<p>La cuesti\u00f3n aparece cuando la brecha basal puede ser de modo alternativo considerada una roca de fundido de impacto (de acuerdo con la nomenclatura de la IUGS; ver la discusi\u00f3n aqu\u00ed: <a href=\"http:\/\/estructuras-de-impacto.impact-structures.com\/?page_id=110\" target=\"_blank\">http:\/\/estructuras-de-impacto.impact-structures.com\/?page_id=110<\/a>\u00a0) que por definici\u00f3n tiene una matriz que ha solidificado a partir de un fundido producido por impacto. En el caso de Azuara\/Rubielos de la C\u00e9rida esto se podr\u00eda aplicar si la matriz de la brecha basal hubiera cristalizado de un modo predominante a partir de un fundido carbonatado.<\/p>\n<p>De manera regular, pueden observarse componentes de la brecha basal (ver las im\u00e1genes de arriba) que han sufrido una descomposici\u00f3n parcial o casi completa; este hecho est\u00e1 relacionado de manera obvia con la textura fluidal presente en la matriz de la brecha. Estas zonas fueron analizadas en detalle por Katschorek (1990), investigadora que pudo establecer la presencia de fundido carbonatado primario.<\/p>\n<p><a href=\"http:\/\/impacto.impact-structures.com\/wp-content\/uploads\/2011\/12\/Fig.-2.jpg\" target=\"_blank\"><img loading=\"lazy\" decoding=\"async\" class=\"alignnone size-full wp-image-1827\" title=\"Fig. 2\" src=\"http:\/\/impacto.impact-structures.com\/wp-content\/uploads\/2011\/12\/Fig.-2.jpg\" alt=\"\" width=\"640\" height=\"393\" srcset=\"http:\/\/estructuras-de-impacto.impact-structures.com\/wp-content\/uploads\/2011\/12\/Fig.-2.jpg 640w, http:\/\/estructuras-de-impacto.impact-structures.com\/wp-content\/uploads\/2011\/12\/Fig.-2-300x184.jpg 300w, http:\/\/estructuras-de-impacto.impact-structures.com\/wp-content\/uploads\/2011\/12\/Fig.-2-488x300.jpg 488w\" sizes=\"auto, (max-width: 640px) 85vw, 640px\" \/><\/a><\/p>\n<p><strong>Fig. 2. Suevita (brecha basal) cerca de Cucal\u00f3n, en la estructura de Azuara. El tama\u00f1o m\u00e1ximo es 16 cm.<\/strong><\/p>\n<p><img loading=\"lazy\" decoding=\"async\" style=\"padding-top: 0px; padding-right: 10px; padding-bottom: 0px; padding-left: 0px; border-style: initial; border-color: initial; border-width: 0px; margin: 0px;\" src=\"http:\/\/www.impact-structures.com\/suevite\/suevites_azuara_rubielos\/image006.gif\" alt=\"Image006\" width=\"269\" height=\"99\" \/><\/p>\n<p><strong>Abb. 3. Vidrio presente en la suevita de Cucal\u00f3n (brecha basal). Dentro de una matriz carbonatada, el fragmento de vidrio con textura fluidal se halla localizado en un peque\u00f1o agujero revestido por cristales de calcita. Microfotografia: a la derecha a nicoles cruzados; la anchura del campo es de 240 \u00b5m.<\/strong><\/p>\n<p><a href=\"http:\/\/impacto.impact-structures.com\/wp-content\/uploads\/2011\/12\/Fig.4.jpg\" target=\"_blank\"><img loading=\"lazy\" decoding=\"async\" class=\"alignnone size-full wp-image-1829\" title=\"Fig.4\" src=\"http:\/\/impacto.impact-structures.com\/wp-content\/uploads\/2011\/12\/Fig.4.jpg\" alt=\"\" width=\"640\" height=\"508\" srcset=\"http:\/\/estructuras-de-impacto.impact-structures.com\/wp-content\/uploads\/2011\/12\/Fig.4.jpg 640w, http:\/\/estructuras-de-impacto.impact-structures.com\/wp-content\/uploads\/2011\/12\/Fig.4-300x238.jpg 300w, http:\/\/estructuras-de-impacto.impact-structures.com\/wp-content\/uploads\/2011\/12\/Fig.4-377x300.jpg 377w\" sizes=\"auto, (max-width: 640px) 85vw, 640px\" \/><\/a><\/p>\n<p><strong>Fig. 4. Suevita (brecha basal) cerca de Cucal\u00f3n. N\u00f3tese la textura fluidal y el material blanquecino de la matriz que puede ser fundido de carbonato cristalizado. La distancia horizontal es de 12 cm.<\/strong><\/p>\n<p><a href=\"http:\/\/impacto.impact-structures.com\/wp-content\/uploads\/2011\/12\/fig.5.jpg\" target=\"_blank\"><img loading=\"lazy\" decoding=\"async\" class=\"alignnone size-full wp-image-1830\" title=\"fig.5\" src=\"http:\/\/impacto.impact-structures.com\/wp-content\/uploads\/2011\/12\/fig.5.jpg\" alt=\"\" width=\"641\" height=\"389\" srcset=\"http:\/\/estructuras-de-impacto.impact-structures.com\/wp-content\/uploads\/2011\/12\/fig.5.jpg 641w, http:\/\/estructuras-de-impacto.impact-structures.com\/wp-content\/uploads\/2011\/12\/fig.5-300x182.jpg 300w, http:\/\/estructuras-de-impacto.impact-structures.com\/wp-content\/uploads\/2011\/12\/fig.5-494x300.jpg 494w\" sizes=\"auto, (max-width: 641px) 85vw, 641px\" \/><\/a><\/p>\n<p><strong>Fig. 5.\u00a0Suevita (brecha basal) cerca de Cucal\u00f3n, en la estructura de Azuara. La matriz blanquecina y libre de clastos \u2013 oscura \u2013 puede ser fundido de carbonato primario. El tama\u00f1o m\u00e1ximo es de 16 cm.<\/strong><\/p>\n<p><a href=\"http:\/\/impacto.impact-structures.com\/wp-content\/uploads\/2011\/12\/fig.6.jpg\" target=\"_blank\"><img loading=\"lazy\" decoding=\"async\" class=\"alignnone size-full wp-image-1831\" title=\"fig.6\" src=\"http:\/\/impacto.impact-structures.com\/wp-content\/uploads\/2011\/12\/fig.6.jpg\" alt=\"\" width=\"640\" height=\"510\" srcset=\"http:\/\/estructuras-de-impacto.impact-structures.com\/wp-content\/uploads\/2011\/12\/fig.6.jpg 640w, http:\/\/estructuras-de-impacto.impact-structures.com\/wp-content\/uploads\/2011\/12\/fig.6-300x239.jpg 300w, http:\/\/estructuras-de-impacto.impact-structures.com\/wp-content\/uploads\/2011\/12\/fig.6-376x300.jpg 376w\" sizes=\"auto, (max-width: 640px) 85vw, 640px\" \/><\/a><\/p>\n<p><strong>Fig. 6. Suevita (brecha basal) procedente de una zona cercana a Cucal\u00f3n. Variedad marronosa con grandes y raros clastos. El tama\u00f1o m\u00e1ximo horizontal es de unos 10.5 cm.<\/strong><\/p>\n<p><a href=\"http:\/\/impacto.impact-structures.com\/wp-content\/uploads\/2011\/12\/fig7.jpg\" target=\"_blank\"><img loading=\"lazy\" decoding=\"async\" class=\"alignnone size-full wp-image-1832\" title=\"fig7\" src=\"http:\/\/impacto.impact-structures.com\/wp-content\/uploads\/2011\/12\/fig7.jpg\" alt=\"\" width=\"640\" height=\"549\" srcset=\"http:\/\/estructuras-de-impacto.impact-structures.com\/wp-content\/uploads\/2011\/12\/fig7.jpg 640w, http:\/\/estructuras-de-impacto.impact-structures.com\/wp-content\/uploads\/2011\/12\/fig7-300x257.jpg 300w, http:\/\/estructuras-de-impacto.impact-structures.com\/wp-content\/uploads\/2011\/12\/fig7-349x300.jpg 349w\" sizes=\"auto, (max-width: 640px) 85vw, 640px\" \/><\/a><\/p>\n<p><strong>Fig. 7. Suevita (brecha basal) cercana a Cucalon; variedad de grano fino. Detalle debajo. 14 cm de tama\u00f1o m\u00e1ximo<\/strong><\/p>\n<p><a href=\"http:\/\/impacto.impact-structures.com\/wp-content\/uploads\/2011\/12\/fig8.jpg\" target=\"_blank\"><img loading=\"lazy\" decoding=\"async\" class=\"alignnone size-full wp-image-1833\" title=\"fig8\" src=\"http:\/\/impacto.impact-structures.com\/wp-content\/uploads\/2011\/12\/fig8.jpg\" alt=\"\" width=\"640\" height=\"534\" srcset=\"http:\/\/estructuras-de-impacto.impact-structures.com\/wp-content\/uploads\/2011\/12\/fig8.jpg 640w, http:\/\/estructuras-de-impacto.impact-structures.com\/wp-content\/uploads\/2011\/12\/fig8-300x250.jpg 300w, http:\/\/estructuras-de-impacto.impact-structures.com\/wp-content\/uploads\/2011\/12\/fig8-359x300.jpg 359w\" sizes=\"auto, (max-width: 640px) 85vw, 640px\" \/><\/a><\/p>\n<p><strong>Fig. 8. Detalle de la suevita variedad de grano fino; la anchura de campo es de 2,5 cm. Pueden apreciarse algunos clastos muy bien redondeados, una textura de flujo y el obscuro gris\u00e1ceo\/blanquecino material de la matriz. La matriz se asume que es el resultado de la decarbonataci\u00f3n\/fusi\u00f3n y la recombinaci\u00f3n\/cristalizaci\u00f3n de rocas del objetivo carbonatadas y, en sentido estricto, esta variedad podr\u00eda ser considerada como una roca de fundido de impacto<\/strong><\/p>\n<p><a href=\"http:\/\/impacto.impact-structures.com\/wp-content\/uploads\/2011\/12\/fig9.jpg\" target=\"_blank\"><img loading=\"lazy\" decoding=\"async\" class=\"alignnone size-medium wp-image-1835\" title=\"fig9\" src=\"http:\/\/impacto.impact-structures.com\/wp-content\/uploads\/2011\/12\/fig9-300x210.jpg\" alt=\"\" width=\"300\" height=\"210\" srcset=\"http:\/\/estructuras-de-impacto.impact-structures.com\/wp-content\/uploads\/2011\/12\/fig9-300x210.jpg 300w, http:\/\/estructuras-de-impacto.impact-structures.com\/wp-content\/uploads\/2011\/12\/fig9-428x300.jpg 428w, http:\/\/estructuras-de-impacto.impact-structures.com\/wp-content\/uploads\/2011\/12\/fig9.jpg 640w\" sizes=\"auto, (max-width: 300px) 85vw, 300px\" \/><\/a><\/p>\n<p><strong>Fig. 9. Otra variedad de la suevita de grano fino de Cucal\u00f3n con una matriz rojiza y \u00fanicamente clastos de tama\u00f1o muy peque\u00f1o en el interior de la matriz. La muestra tiene un tama\u00f1o m\u00e1ximo de 10.5 cm.<\/strong><\/p>\n<p><a href=\"http:\/\/impacto.impact-structures.com\/wp-content\/uploads\/2011\/12\/fig10.jpg\" target=\"_blank\"><img loading=\"lazy\" decoding=\"async\" class=\"alignnone size-medium wp-image-1837\" title=\"fig10\" src=\"http:\/\/impacto.impact-structures.com\/wp-content\/uploads\/2011\/12\/fig10-300x225.jpg\" alt=\"\" width=\"300\" height=\"225\" srcset=\"http:\/\/estructuras-de-impacto.impact-structures.com\/wp-content\/uploads\/2011\/12\/fig10-300x225.jpg 300w, http:\/\/estructuras-de-impacto.impact-structures.com\/wp-content\/uploads\/2011\/12\/fig10-400x300.jpg 400w, http:\/\/estructuras-de-impacto.impact-structures.com\/wp-content\/uploads\/2011\/12\/fig10.jpg 640w\" sizes=\"auto, (max-width: 300px) 85vw, 300px\" \/><\/a><\/p>\n<p><strong>Fig. 10. Afloramiento masivo de la suevita (brecha basal) de grano fino de Cucal\u00f3n. Puede apreciarse el diaclasado laminar con fuerte buzamiento que posiblemente se origin\u00f3 a partir del enfriamiento de la masa suev\u00edtica.<\/strong><\/p>\n<p><img loading=\"lazy\" decoding=\"async\" class=\"alignnone size-medium wp-image-1838\" title=\"fig11\" src=\"http:\/\/impacto.impact-structures.com\/wp-content\/uploads\/2011\/12\/fig11-300x202.jpg\" alt=\"\" width=\"300\" height=\"202\" srcset=\"http:\/\/estructuras-de-impacto.impact-structures.com\/wp-content\/uploads\/2011\/12\/fig11-300x202.jpg 300w, http:\/\/estructuras-de-impacto.impact-structures.com\/wp-content\/uploads\/2011\/12\/fig11-444x300.jpg 444w, http:\/\/estructuras-de-impacto.impact-structures.com\/wp-content\/uploads\/2011\/12\/fig11.jpg 800w\" sizes=\"auto, (max-width: 300px) 85vw, 300px\" \/><\/p>\n<p><strong>Fig. 11. Suevita de la estructura de impacto de Azuara (Espa\u00f1a); variedad Portillo (al sur de Fuendetodos). N\u00f3tense los fragmentos fantasma y los rudimentarios clastos de caliza negra que sugieren la salida de material fundido. Una investigaci\u00f3n microsc\u00f3pica de este material blanquecino realizada por Tania Katschorek revel\u00f3 una composici\u00f3n de microlitos carbonatados bajo la forma de cristalitos en forma de aguja que se desarrollaban en penachos, y cristalitos dendr\u00edticos, t\u00edpicos de fundidos carbonatados cristalizados.<\/strong><\/p>\n<p><a href=\"http:\/\/impacto.impact-structures.com\/wp-content\/uploads\/2011\/12\/fig12.jpg\" target=\"_blank\"><img loading=\"lazy\" decoding=\"async\" class=\"alignnone size-medium wp-image-1840\" title=\"fig12\" src=\"http:\/\/impacto.impact-structures.com\/wp-content\/uploads\/2011\/12\/fig12-300x202.jpg\" alt=\"\" width=\"300\" height=\"202\" srcset=\"http:\/\/estructuras-de-impacto.impact-structures.com\/wp-content\/uploads\/2011\/12\/fig12-300x202.jpg 300w, http:\/\/estructuras-de-impacto.impact-structures.com\/wp-content\/uploads\/2011\/12\/fig12-445x300.jpg 445w, http:\/\/estructuras-de-impacto.impact-structures.com\/wp-content\/uploads\/2011\/12\/fig12.jpg 640w\" sizes=\"auto, (max-width: 300px) 85vw, 300px\" \/><\/a><\/p>\n<p><strong>Fig. 12. Suevita de la estructura de impacto de Azuara, variedad Portillo, al S de Fuendetodos. Puede observarse la textura porf\u00edrica de la matriz cl\u00e1stica. La anchura de campo de la microfotograf\u00eda es de 2 mm.<\/strong><\/p>\n<p><a href=\"http:\/\/impacto.impact-structures.com\/wp-content\/uploads\/2011\/12\/fig13.jpg\" target=\"_blank\"><img loading=\"lazy\" decoding=\"async\" class=\"alignnone size-medium wp-image-1841\" title=\"fig13\" src=\"http:\/\/impacto.impact-structures.com\/wp-content\/uploads\/2011\/12\/fig13-300x214.jpg\" alt=\"\" width=\"300\" height=\"214\" srcset=\"http:\/\/estructuras-de-impacto.impact-structures.com\/wp-content\/uploads\/2011\/12\/fig13-300x214.jpg 300w, http:\/\/estructuras-de-impacto.impact-structures.com\/wp-content\/uploads\/2011\/12\/fig13-419x300.jpg 419w, http:\/\/estructuras-de-impacto.impact-structures.com\/wp-content\/uploads\/2011\/12\/fig13.jpg 767w\" sizes=\"auto, (max-width: 300px) 85vw, 300px\" \/><\/a><\/p>\n<p><strong>Fig. 13. Estructura de impacto de Azuara: Brecha polim\u00edctica basal formada por componentes del Paleozoico y del Mesozoico (expuesta cerca de Herrera de los Navarros). Las zonas blanquecinas de la matriz pueden estar compuestas por caliza decarbonatada y\/o relictos de fundido carbonatado.<\/strong><\/p>\n<p><a href=\"http:\/\/impacto.impact-structures.com\/wp-content\/uploads\/2011\/12\/fig14.jpg\" target=\"_blank\"><img loading=\"lazy\" decoding=\"async\" class=\"alignnone size-medium wp-image-1842\" title=\"fig14\" src=\"http:\/\/impacto.impact-structures.com\/wp-content\/uploads\/2011\/12\/fig14-300x102.jpg\" alt=\"\" width=\"300\" height=\"102\" srcset=\"http:\/\/estructuras-de-impacto.impact-structures.com\/wp-content\/uploads\/2011\/12\/fig14-300x102.jpg 300w, http:\/\/estructuras-de-impacto.impact-structures.com\/wp-content\/uploads\/2011\/12\/fig14-500x170.jpg 500w, http:\/\/estructuras-de-impacto.impact-structures.com\/wp-content\/uploads\/2011\/12\/fig14.jpg 768w\" sizes=\"auto, (max-width: 300px) 85vw, 300px\" \/><\/a><\/p>\n<p><strong>Fig. 14. Estructura de impacto de Azuara: Brecha polim\u00edctica basal. Obs\u00e9rvese la textura fluidal y la gradaci\u00f3n de los componentes que se disponen alineados preferencialmente a la direcci\u00f3n de flujo. Expuesta cerca de Monforte de Moyuela.<\/strong><\/p>\n<p><a href=\"http:\/\/impacto.impact-structures.com\/wp-content\/uploads\/2011\/12\/fig15.jpg\" target=\"_blank\"><img loading=\"lazy\" decoding=\"async\" class=\"alignnone size-full wp-image-1843\" title=\"fig15\" src=\"http:\/\/impacto.impact-structures.com\/wp-content\/uploads\/2011\/12\/fig15.jpg\" alt=\"\" width=\"269\" height=\"203\" \/><\/a><\/p>\n<p><strong>Fig. 15. Cantera temporal excavada en la megabrecha de Barrachina. Cuenca de impacto de Rubielos de la C\u00e9rida. En esta zona, grandes bloques de suevita fueron descubiertos por\u00a0la excavaci\u00f3n.<\/strong><\/p>\n<p><strong><a href=\"http:\/\/impacto.impact-structures.com\/wp-content\/uploads\/2011\/12\/fig16.jpg\" target=\"_blank\"> <img loading=\"lazy\" decoding=\"async\" class=\"alignnone size-medium wp-image-1844\" title=\"fig16\" src=\"http:\/\/impacto.impact-structures.com\/wp-content\/uploads\/2011\/12\/fig16-300x225.jpg\" alt=\"\" width=\"300\" height=\"225\" srcset=\"http:\/\/estructuras-de-impacto.impact-structures.com\/wp-content\/uploads\/2011\/12\/fig16-300x225.jpg 300w, http:\/\/estructuras-de-impacto.impact-structures.com\/wp-content\/uploads\/2011\/12\/fig16-400x300.jpg 400w, http:\/\/estructuras-de-impacto.impact-structures.com\/wp-content\/uploads\/2011\/12\/fig16.jpg 640w\" sizes=\"auto, (max-width: 300px) 85vw, 300px\" \/><\/a><\/strong><\/p>\n<p><strong>Fig. 16. Suevita de Rubielos de la C\u00e9rida muestreada en la cantera de la Fig. 15. El fundido silicatado est\u00e1 concentrado en los clastos blanquecinos y porosos.<\/strong><\/p>\n<p><a href=\"http:\/\/estructuras-de-impacto.impact-structures.com\/wp-content\/uploads\/2011\/12\/Unbenannt1.jpg\"><img loading=\"lazy\" decoding=\"async\" class=\"alignnone size-full wp-image-2143\" title=\"Unbenannt\" src=\"http:\/\/estructuras-de-impacto.impact-structures.com\/wp-content\/uploads\/2011\/12\/Unbenannt1.jpg\" alt=\"\" width=\"269\" height=\"257\" \/><\/a><\/p>\n<p><strong>Fig. 17. Suevita (brecha basal) procedente de la zona de borde de la Cuenca de impacto de Rubielos de la C\u00e9rida cercana a Olalla. Obs\u00e9rvese la textura de flujo y los clastos intensamente fragmentados y no obstante coherentes.<\/strong><\/p>\n<p><a href=\"http:\/\/estructuras-de-impacto.impact-structures.com\/wp-content\/uploads\/2011\/12\/Unbenannt3.jpg\"><img loading=\"lazy\" decoding=\"async\" class=\"alignnone size-full wp-image-2146\" title=\"Unbenannt\" src=\"http:\/\/estructuras-de-impacto.impact-structures.com\/wp-content\/uploads\/2011\/12\/Unbenannt3.jpg\" alt=\"\" width=\"269\" height=\"168\" \/><\/a><\/p>\n<p><strong>Fig. 18. Suevita (brecha basal) procedente de la cuenca de impacto de Rubielos de la C\u00e9rida, en zona cercana a Villafranca del Campo. Se pueden apreciar los clastos vesiculares intensamente desintegardos<\/strong><\/p>\n<p><img loading=\"lazy\" decoding=\"async\" style=\"padding-top: 0px; padding-right: 10px; padding-bottom: 0px; padding-left: 0px; border-style: initial; border-color: initial; float: left; border-width: 0px; margin: 0px;\" src=\"http:\/\/www.impact-structures.com\/suevite\/suevites_azuara_rubielos\/image038.gif\" alt=\"Image038\" width=\"275\" height=\"207\" \/><\/p>\n<p>&nbsp;<\/p>\n<p>&nbsp;<\/p>\n<p>&nbsp;<\/p>\n<p>&nbsp;<\/p>\n<p>&nbsp;<\/p>\n<p><strong><span style=\"color: #ff0000;\"><span style=\"color: #000000;\">Fig. 19<\/span>.\u00a0<\/span>Suevita (brecha basal) procedente de la cuenca de impacto de Rubielos de la C\u00e9rida cerca de Fuentes Calientes (ver una im\u00e1gendel afloramiento en las figs. 20, 21).<\/strong><\/p>\n<p><img loading=\"lazy\" decoding=\"async\" style=\"padding-top: 0px; padding-right: 10px; padding-bottom: 0px; padding-left: 0px; border-style: initial; border-color: initial; float: left; border-width: 0px; margin: 0px;\" src=\"http:\/\/www.impact-structures.com\/suevite\/suevites_azuara_rubielos\/image040.gif\" alt=\"Image040\" width=\"275\" height=\"207\" \/><\/p>\n<p>&nbsp;<\/p>\n<p>&nbsp;<\/p>\n<p>&nbsp;<\/p>\n<p>&nbsp;<\/p>\n<p>&nbsp;<\/p>\n<p><strong><span style=\"color: #000000;\">Fig. 20. Suevita (brecha basal) cerca de Fuentes Calientes interestratificada entre capas de brechas \u00a0(marcada en la Fig. 21). \u00a0<\/span><\/strong><\/p>\n<p><img loading=\"lazy\" decoding=\"async\" style=\"padding-top: 0px; padding-right: 10px; padding-bottom: 0px; padding-left: 0px; border-style: initial; border-color: initial; float: left; border-width: 0px; margin: 0px;\" src=\"http:\/\/www.impact-structures.com\/suevite\/suevites_azuara_rubielos\/image042.gif\" alt=\"Image042\" width=\"270\" height=\"203\" \/><\/p>\n<p>&nbsp;<\/p>\n<p>&nbsp;<\/p>\n<p>&nbsp;<\/p>\n<p>&nbsp;<\/p>\n<p>&nbsp;<\/p>\n<p><strong><span style=\"color: #000000;\">Fig. 21. Aspecto de las capas de suevita (brecha basal) interestratificadas cerca de Fuentes Calientes. \u00a0<\/span><\/strong><\/p>\n<p><img loading=\"lazy\" decoding=\"async\" style=\"padding-top: 0px; padding-right: 10px; padding-bottom: 0px; padding-left: 0px; border-style: initial; border-color: initial; float: left; border-width: 0px; margin: 0px;\" src=\"http:\/\/www.impact-structures.com\/suevite\/suevites_azuara_rubielos\/image044.gif\" alt=\"Image044\" width=\"275\" height=\"153\" \/><\/p>\n<p>&nbsp;<\/p>\n<p>&nbsp;<\/p>\n<p>&nbsp;<\/p>\n<p>&nbsp;<\/p>\n<p><strong>Figs. 22 &#8211; 24. Suevitas (brecha basal) procedentes de la zona del borde de la cuenca de impacto de Rubielos de la C\u00e9rida cerca de Olalla.<\/strong><\/p>\n<p><img loading=\"lazy\" decoding=\"async\" style=\"padding-top: 0px; padding-right: 10px; padding-bottom: 0px; padding-left: 0px; border-style: initial; border-color: initial; float: left; border-width: 0px; margin: 0px;\" src=\"http:\/\/www.impact-structures.com\/suevite\/suevites_azuara_rubielos\/image046.gif\" alt=\"Image046\" width=\"275\" height=\"145\" \/><\/p>\n<p>&nbsp;<\/p>\n<p>&nbsp;<\/p>\n<p>&nbsp;<\/p>\n<p>&nbsp;<\/p>\n<p><strong>Fig. 23.<\/strong><\/p>\n<p><img loading=\"lazy\" decoding=\"async\" style=\"padding-top: 0px; padding-right: 10px; padding-bottom: 0px; padding-left: 0px; border-style: initial; border-color: initial; float: left; border-width: 0px; margin: 0px;\" src=\"http:\/\/www.impact-structures.com\/suevite\/suevites_azuara_rubielos\/image048.gif\" alt=\"Image048\" width=\"275\" height=\"213\" \/><\/p>\n<p>&nbsp;<\/p>\n<p>&nbsp;<\/p>\n<p>&nbsp;<\/p>\n<p>&nbsp;<\/p>\n<p>&nbsp;<\/p>\n<p><strong><span style=\"color: #000000;\">Fig. 24.<\/span><\/strong><\/p>\n","protected":false},"excerpt":{"rendered":"<p>Las suevitas de las estructuras de impacto espa\u00f1olas han sido halladas en dos situaciones de afloramiento: &#8212; como las denominadas brechas basales en los cr\u00e1teres de impacto gemelos de Azuara y Rubielos de la C\u00e9rida &#8212; como grandes bloques presentes en canteras sitas en una megabrecha de la estructura de Rubielos de la C\u00e9rida. El &hellip; <a href=\"http:\/\/estructuras-de-impacto.impact-structures.com\/?page_id=194\" class=\"more-link\">Continuar leyendo<span class=\"screen-reader-text\"> \u00abSuevitas de las estructuras de impacto de Azuara y Rubielos de la C\u00e9rida (Espa\u00f1a)\u00bb<\/span><\/a><\/p>\n","protected":false},"author":1,"featured_media":0,"parent":1406,"menu_order":0,"comment_status":"closed","ping_status":"closed","template":"sidebar-page.php","meta":{"footnotes":""},"class_list":["post-194","page","type-page","status-publish","hentry"],"yoast_head":"<!-- This site is optimized with the Yoast SEO plugin v27.3 - https:\/\/yoast.com\/product\/yoast-seo-wordpress\/ -->\n<title>Suevitas de las estructuras de impacto de Azuara y Rubielos de la C\u00e9rida (Espa\u00f1a) - ERNSTSON CLAUDIN ESTRUCTURAS DE IMPACTO - CR\u00c1TERES METEOR\u00cdTICOS<\/title>\n<meta name=\"robots\" content=\"index, follow, max-snippet:-1, max-image-preview:large, max-video-preview:-1\" \/>\n<link rel=\"canonical\" href=\"http:\/\/estructuras-de-impacto.impact-structures.com\/?page_id=194\" \/>\n<meta property=\"og:locale\" content=\"es_ES\" \/>\n<meta property=\"og:type\" content=\"article\" \/>\n<meta property=\"og:title\" content=\"Suevitas de las estructuras de impacto de Azuara y Rubielos de la C\u00e9rida (Espa\u00f1a) - ERNSTSON CLAUDIN ESTRUCTURAS DE IMPACTO - CR\u00c1TERES METEOR\u00cdTICOS\" \/>\n<meta property=\"og:description\" content=\"Las suevitas de las estructuras de impacto espa\u00f1olas han sido halladas en dos situaciones de afloramiento: &#8212; como las denominadas brechas basales en los cr\u00e1teres de impacto gemelos de Azuara y Rubielos de la C\u00e9rida &#8212; como grandes bloques presentes en canteras sitas en una megabrecha de la estructura de Rubielos de la C\u00e9rida. El &hellip; Continuar leyendo &quot;Suevitas de las estructuras de impacto de Azuara y Rubielos de la C\u00e9rida (Espa\u00f1a)&quot;\" \/>\n<meta property=\"og:url\" content=\"http:\/\/estructuras-de-impacto.impact-structures.com\/?page_id=194\" \/>\n<meta property=\"og:site_name\" content=\"ERNSTSON CLAUDIN ESTRUCTURAS DE IMPACTO - CR\u00c1TERES METEOR\u00cdTICOS\" \/>\n<meta property=\"article:modified_time\" content=\"2012-06-03T08:53:20+00:00\" \/>\n<meta property=\"og:image\" content=\"http:\/\/impacto.impact-structures.com\/wp-content\/uploads\/2011\/12\/basal.jpg\" \/>\n<meta name=\"twitter:card\" content=\"summary_large_image\" \/>\n<meta name=\"twitter:label1\" content=\"Tiempo de lectura\" \/>\n\t<meta name=\"twitter:data1\" content=\"8 minutos\" \/>\n<script type=\"application\/ld+json\" class=\"yoast-schema-graph\">{\"@context\":\"https:\\\/\\\/schema.org\",\"@graph\":[{\"@type\":\"WebPage\",\"@id\":\"http:\\\/\\\/estructuras-de-impacto.impact-structures.com\\\/?page_id=194\",\"url\":\"http:\\\/\\\/estructuras-de-impacto.impact-structures.com\\\/?page_id=194\",\"name\":\"Suevitas de las estructuras de impacto de Azuara y Rubielos de la C\u00e9rida (Espa\u00f1a) - ERNSTSON CLAUDIN ESTRUCTURAS DE IMPACTO - CR\u00c1TERES METEOR\u00cdTICOS\",\"isPartOf\":{\"@id\":\"http:\\\/\\\/estructuras-de-impacto.impact-structures.com\\\/#website\"},\"primaryImageOfPage\":{\"@id\":\"http:\\\/\\\/estructuras-de-impacto.impact-structures.com\\\/?page_id=194#primaryimage\"},\"image\":{\"@id\":\"http:\\\/\\\/estructuras-de-impacto.impact-structures.com\\\/?page_id=194#primaryimage\"},\"thumbnailUrl\":\"http:\\\/\\\/impacto.impact-structures.com\\\/wp-content\\\/uploads\\\/2011\\\/12\\\/basal.jpg\",\"datePublished\":\"2011-12-02T16:27:56+00:00\",\"dateModified\":\"2012-06-03T08:53:20+00:00\",\"breadcrumb\":{\"@id\":\"http:\\\/\\\/estructuras-de-impacto.impact-structures.com\\\/?page_id=194#breadcrumb\"},\"inLanguage\":\"es\",\"potentialAction\":[{\"@type\":\"ReadAction\",\"target\":[\"http:\\\/\\\/estructuras-de-impacto.impact-structures.com\\\/?page_id=194\"]}]},{\"@type\":\"ImageObject\",\"inLanguage\":\"es\",\"@id\":\"http:\\\/\\\/estructuras-de-impacto.impact-structures.com\\\/?page_id=194#primaryimage\",\"url\":\"http:\\\/\\\/impacto.impact-structures.com\\\/wp-content\\\/uploads\\\/2011\\\/12\\\/basal.jpg\",\"contentUrl\":\"http:\\\/\\\/impacto.impact-structures.com\\\/wp-content\\\/uploads\\\/2011\\\/12\\\/basal.jpg\"},{\"@type\":\"BreadcrumbList\",\"@id\":\"http:\\\/\\\/estructuras-de-impacto.impact-structures.com\\\/?page_id=194#breadcrumb\",\"itemListElement\":[{\"@type\":\"ListItem\",\"position\":1,\"name\":\"Portada\",\"item\":\"http:\\\/\\\/estructuras-de-impacto.impact-structures.com\\\/\"},{\"@type\":\"ListItem\",\"position\":2,\"name\":\"Rocas de impacto \u2013 impactitas\",\"item\":\"http:\\\/\\\/estructuras-de-impacto.impact-structures.com\\\/?page_id=13\"},{\"@type\":\"ListItem\",\"position\":3,\"name\":\"P\u00e1gina sobre suevitas\",\"item\":\"http:\\\/\\\/estructuras-de-impacto.impact-structures.com\\\/?page_id=1406\"},{\"@type\":\"ListItem\",\"position\":4,\"name\":\"Suevitas de las estructuras de impacto de Azuara y Rubielos de la C\u00e9rida (Espa\u00f1a)\"}]},{\"@type\":\"WebSite\",\"@id\":\"http:\\\/\\\/estructuras-de-impacto.impact-structures.com\\\/#website\",\"url\":\"http:\\\/\\\/estructuras-de-impacto.impact-structures.com\\\/\",\"name\":\"ERNSTSON CLAUDIN ESTRUCTURAS DE IMPACTO - CR\u00c1TERES METEOR\u00cdTICOS\",\"description\":\"Investigaci\u00f3n sobre la geolog\u00eda, geof\u00edsica, y petrolog\u00eda\",\"potentialAction\":[{\"@type\":\"SearchAction\",\"target\":{\"@type\":\"EntryPoint\",\"urlTemplate\":\"http:\\\/\\\/estructuras-de-impacto.impact-structures.com\\\/?s={search_term_string}\"},\"query-input\":{\"@type\":\"PropertyValueSpecification\",\"valueRequired\":true,\"valueName\":\"search_term_string\"}}],\"inLanguage\":\"es\"}]}<\/script>\n<!-- \/ Yoast SEO plugin. -->","yoast_head_json":{"title":"Suevitas de las estructuras de impacto de Azuara y Rubielos de la C\u00e9rida (Espa\u00f1a) - ERNSTSON CLAUDIN ESTRUCTURAS DE IMPACTO - CR\u00c1TERES METEOR\u00cdTICOS","robots":{"index":"index","follow":"follow","max-snippet":"max-snippet:-1","max-image-preview":"max-image-preview:large","max-video-preview":"max-video-preview:-1"},"canonical":"http:\/\/estructuras-de-impacto.impact-structures.com\/?page_id=194","og_locale":"es_ES","og_type":"article","og_title":"Suevitas de las estructuras de impacto de Azuara y Rubielos de la C\u00e9rida (Espa\u00f1a) - ERNSTSON CLAUDIN ESTRUCTURAS DE IMPACTO - CR\u00c1TERES METEOR\u00cdTICOS","og_description":"Las suevitas de las estructuras de impacto espa\u00f1olas han sido halladas en dos situaciones de afloramiento: &#8212; como las denominadas brechas basales en los cr\u00e1teres de impacto gemelos de Azuara y Rubielos de la C\u00e9rida &#8212; como grandes bloques presentes en canteras sitas en una megabrecha de la estructura de Rubielos de la C\u00e9rida. El &hellip; Continuar leyendo \"Suevitas de las estructuras de impacto de Azuara y Rubielos de la C\u00e9rida (Espa\u00f1a)\"","og_url":"http:\/\/estructuras-de-impacto.impact-structures.com\/?page_id=194","og_site_name":"ERNSTSON CLAUDIN ESTRUCTURAS DE IMPACTO - CR\u00c1TERES METEOR\u00cdTICOS","article_modified_time":"2012-06-03T08:53:20+00:00","og_image":[{"url":"http:\/\/impacto.impact-structures.com\/wp-content\/uploads\/2011\/12\/basal.jpg","type":"","width":"","height":""}],"twitter_card":"summary_large_image","twitter_misc":{"Tiempo de lectura":"8 minutos"},"schema":{"@context":"https:\/\/schema.org","@graph":[{"@type":"WebPage","@id":"http:\/\/estructuras-de-impacto.impact-structures.com\/?page_id=194","url":"http:\/\/estructuras-de-impacto.impact-structures.com\/?page_id=194","name":"Suevitas de las estructuras de impacto de Azuara y Rubielos de la C\u00e9rida (Espa\u00f1a) - ERNSTSON CLAUDIN ESTRUCTURAS DE IMPACTO - CR\u00c1TERES METEOR\u00cdTICOS","isPartOf":{"@id":"http:\/\/estructuras-de-impacto.impact-structures.com\/#website"},"primaryImageOfPage":{"@id":"http:\/\/estructuras-de-impacto.impact-structures.com\/?page_id=194#primaryimage"},"image":{"@id":"http:\/\/estructuras-de-impacto.impact-structures.com\/?page_id=194#primaryimage"},"thumbnailUrl":"http:\/\/impacto.impact-structures.com\/wp-content\/uploads\/2011\/12\/basal.jpg","datePublished":"2011-12-02T16:27:56+00:00","dateModified":"2012-06-03T08:53:20+00:00","breadcrumb":{"@id":"http:\/\/estructuras-de-impacto.impact-structures.com\/?page_id=194#breadcrumb"},"inLanguage":"es","potentialAction":[{"@type":"ReadAction","target":["http:\/\/estructuras-de-impacto.impact-structures.com\/?page_id=194"]}]},{"@type":"ImageObject","inLanguage":"es","@id":"http:\/\/estructuras-de-impacto.impact-structures.com\/?page_id=194#primaryimage","url":"http:\/\/impacto.impact-structures.com\/wp-content\/uploads\/2011\/12\/basal.jpg","contentUrl":"http:\/\/impacto.impact-structures.com\/wp-content\/uploads\/2011\/12\/basal.jpg"},{"@type":"BreadcrumbList","@id":"http:\/\/estructuras-de-impacto.impact-structures.com\/?page_id=194#breadcrumb","itemListElement":[{"@type":"ListItem","position":1,"name":"Portada","item":"http:\/\/estructuras-de-impacto.impact-structures.com\/"},{"@type":"ListItem","position":2,"name":"Rocas de impacto \u2013 impactitas","item":"http:\/\/estructuras-de-impacto.impact-structures.com\/?page_id=13"},{"@type":"ListItem","position":3,"name":"P\u00e1gina sobre suevitas","item":"http:\/\/estructuras-de-impacto.impact-structures.com\/?page_id=1406"},{"@type":"ListItem","position":4,"name":"Suevitas de las estructuras de impacto de Azuara y Rubielos de la C\u00e9rida (Espa\u00f1a)"}]},{"@type":"WebSite","@id":"http:\/\/estructuras-de-impacto.impact-structures.com\/#website","url":"http:\/\/estructuras-de-impacto.impact-structures.com\/","name":"ERNSTSON CLAUDIN ESTRUCTURAS DE IMPACTO - CR\u00c1TERES METEOR\u00cdTICOS","description":"Investigaci\u00f3n sobre la geolog\u00eda, geof\u00edsica, y petrolog\u00eda","potentialAction":[{"@type":"SearchAction","target":{"@type":"EntryPoint","urlTemplate":"http:\/\/estructuras-de-impacto.impact-structures.com\/?s={search_term_string}"},"query-input":{"@type":"PropertyValueSpecification","valueRequired":true,"valueName":"search_term_string"}}],"inLanguage":"es"}]}},"_links":{"self":[{"href":"http:\/\/estructuras-de-impacto.impact-structures.com\/index.php?rest_route=\/wp\/v2\/pages\/194","targetHints":{"allow":["GET"]}}],"collection":[{"href":"http:\/\/estructuras-de-impacto.impact-structures.com\/index.php?rest_route=\/wp\/v2\/pages"}],"about":[{"href":"http:\/\/estructuras-de-impacto.impact-structures.com\/index.php?rest_route=\/wp\/v2\/types\/page"}],"author":[{"embeddable":true,"href":"http:\/\/estructuras-de-impacto.impact-structures.com\/index.php?rest_route=\/wp\/v2\/users\/1"}],"replies":[{"embeddable":true,"href":"http:\/\/estructuras-de-impacto.impact-structures.com\/index.php?rest_route=%2Fwp%2Fv2%2Fcomments&post=194"}],"version-history":[{"count":0,"href":"http:\/\/estructuras-de-impacto.impact-structures.com\/index.php?rest_route=\/wp\/v2\/pages\/194\/revisions"}],"up":[{"embeddable":true,"href":"http:\/\/estructuras-de-impacto.impact-structures.com\/index.php?rest_route=\/wp\/v2\/pages\/1406"}],"wp:attachment":[{"href":"http:\/\/estructuras-de-impacto.impact-structures.com\/index.php?rest_route=%2Fwp%2Fv2%2Fmedia&parent=194"}],"curies":[{"name":"wp","href":"https:\/\/api.w.org\/{rel}","templated":true}]}}