{"id":157,"date":"2011-12-02T16:11:39","date_gmt":"2011-12-02T16:11:39","guid":{"rendered":"http:\/\/cms.impact-structures.com\/?page_id=157"},"modified":"2013-03-07T18:38:40","modified_gmt":"2013-03-07T18:38:40","slug":"deformations","status":"publish","type":"page","link":"http:\/\/estructuras-de-impacto.impact-structures.com\/?page_id=157","title":{"rendered":"Cr\u00e1ter de Ries: espalaci\u00f3n y deformaciones mesosc\u00f3picas"},"content":{"rendered":"<p><strong>Los belemnites chocados de Ries<\/strong><\/p>\n<p>Los denominados belemnites de Ries son bien conocidos desde que los ge\u00f3logos han trabajado en el \u00e0rea del Ries. Inmersos en margas y arcillas del Jur\u00e1sico su rostro intensamente fracturado fue relacionado de modo incuestionable con una fuerte y s\u00fabita deformaci\u00f3n que en tiempos de la hip\u00f2tesis volc\u00e0nica fue adscrita a una explsoi\u00f3n diat\u00e8rmica gigante y m\u00e1s tarde como resultado de una deformaci\u00f3n por impacto de choque. De este modo, los belemnites fracturados son frecuentemente denominados \u201clos belemnites chocados\u201d aunque no se haya propuesto una explicaci\u00f3n de c\u00f3mo se han desarrollado estas peculiares disecciones desde el punto de vista de la mec\u00e1nica de fracturaci\u00f3n.<\/p>\n<p>En su extenso y excelente art\u00edculo sobre el material fragmentario multicoloreado (incluida el eyecta de la brecha Bunte), Rudolf H\u00fcttner (1969: Bunte Tr\u00fcmmermassen und Suevit. \u2013 Geologic Bavarica, 61, 142-200) tambi\u00e9n hizo referencia a los belemnites de Ries (as\u00ed como las deformaciones relacionadas en otros f\u00f3siles y en concreciones carbonatadas) enfatizando de hecho la gran y s\u00fabita velocidad de reacci\u00f3n y excluyendo la deformaci\u00f3n pl\u00e1stica en los blandos materiales margosos y arcillosos. H\u00fcttner asum\u00eda que los rostros fragmentados constitu\u00edan una prueba de la deformaci\u00f3n catacl\u00e1stica existente en las blandas rocas que los inclu\u00edan y que a diferencia de los r\u00edgidos belemnites no pudieron preservar la textura.<\/p>\n<p>Una deformaci\u00f3n catacl\u00e1stica por choque puede en parte haber sucedido en las margas y arcillitas, aunque nosotros sugerimos que los rostros fracturados y geodas sufrieron un proceso bastante diferente de una simple cataclasis y que est\u00e1 sostenido por observaciones detalladas y en la comparaci\u00f3n con deformaciones similares de otros impactos.<\/p>\n<p>Mostramos aqu\u00ed algunas de las t\u00edpicas deformaciones de los rostros y de las geodas y deformaciones comparables procedentes de las estructuras de impacto espa\u00f1olas de Azuara\/Rubielos de la C\u00e9rida, al mismo tiempo que anunciamos la aparici\u00f3n de un art\u00edculo m\u00e1s extenso sobre el tema en nuestra web.<\/p>\n<p><a href=\"http:\/\/estructuras-de-impacto.impact-structures.com\/wp-content\/uploads\/2011\/12\/belemniten-originalbild.jpg\"><img loading=\"lazy\" decoding=\"async\" class=\"alignnone size-full wp-image-2389\" title=\"cr\u00e1ter-de-Ries-belemnites-chocados\" src=\"http:\/\/estructuras-de-impacto.impact-structures.com\/wp-content\/uploads\/2011\/12\/belemniten-originalbild.jpg\" alt=\"\" width=\"377\" height=\"268\" srcset=\"http:\/\/estructuras-de-impacto.impact-structures.com\/wp-content\/uploads\/2011\/12\/belemniten-originalbild.jpg 377w, http:\/\/estructuras-de-impacto.impact-structures.com\/wp-content\/uploads\/2011\/12\/belemniten-originalbild-300x213.jpg 300w\" sizes=\"auto, (max-width: 377px) 85vw, 377px\" \/><\/a><\/p>\n<p>Fig. 1.\u00a0Los denominados belemnites de Ries procedentes del eyecta de la brecha Bunte ; cantera de Ronheim. La anchura de campo es de 4,5 cm. N\u00f3tese que las frcaturas y desplazamientos no siempre siguen la estructura radial del rostro; las disecci\u00f3n oblicua es com\u00fan.<\/p>\n<p><a href=\"http:\/\/estructuras-de-impacto.impact-structures.com\/wp-content\/uploads\/2011\/12\/belemnit-einzeln-zerschert.png\"><img loading=\"lazy\" decoding=\"async\" class=\"alignnone  wp-image-2390\" title=\"cr\u00e1ter-de-Ries-belemnites-chocados-2\" src=\"http:\/\/estructuras-de-impacto.impact-structures.com\/wp-content\/uploads\/2011\/12\/belemnit-einzeln-zerschert.png\" alt=\"\" width=\"800\" height=\"619\" srcset=\"http:\/\/estructuras-de-impacto.impact-structures.com\/wp-content\/uploads\/2011\/12\/belemnit-einzeln-zerschert.png 800w, http:\/\/estructuras-de-impacto.impact-structures.com\/wp-content\/uploads\/2011\/12\/belemnit-einzeln-zerschert-300x232.png 300w, http:\/\/estructuras-de-impacto.impact-structures.com\/wp-content\/uploads\/2011\/12\/belemnit-einzeln-zerschert-387x300.png 387w\" sizes=\"auto, (max-width: 800px) 85vw, 800px\" \/><\/a><\/p>\n<p>Fig. 2.\u00a0Un rostro deformado de belemnites con apariencia de un pan cortado en rodajas. Apr\u00e9ciese el espesor similar de las \u201crodajas\u201d que es un hecho com\u00fan en los rostros fracturados.<\/p>\n<p><a href=\"http:\/\/estructuras-de-impacto.impact-structures.com\/wp-content\/uploads\/2011\/12\/belemnit-bizarr.png\"><img loading=\"lazy\" decoding=\"async\" class=\"alignnone  wp-image-2391\" title=\"cr\u00e1ter-de-Ries-belemnites-chocados-3\" src=\"http:\/\/estructuras-de-impacto.impact-structures.com\/wp-content\/uploads\/2011\/12\/belemnit-bizarr.png\" alt=\"\" width=\"1000\" height=\"638\" srcset=\"http:\/\/estructuras-de-impacto.impact-structures.com\/wp-content\/uploads\/2011\/12\/belemnit-bizarr.png 1000w, http:\/\/estructuras-de-impacto.impact-structures.com\/wp-content\/uploads\/2011\/12\/belemnit-bizarr-300x191.png 300w, http:\/\/estructuras-de-impacto.impact-structures.com\/wp-content\/uploads\/2011\/12\/belemnit-bizarr-470x300.png 470w\" sizes=\"auto, (max-width: 709px) 85vw, (max-width: 909px) 67vw, (max-width: 1362px) 62vw, 840px\" \/><\/a><\/p>\n<p>Fig. 3.\u00a0Belemnites del Ries deformado de modo grotesco.<\/p>\n<p><a href=\"http:\/\/estructuras-de-impacto.impact-structures.com\/wp-content\/uploads\/2011\/12\/belemniten-viele.png\"><img loading=\"lazy\" decoding=\"async\" class=\"alignnone  wp-image-2392\" title=\"cr\u00e1ter-de-Ries-belemnites-chocados-4\" src=\"http:\/\/estructuras-de-impacto.impact-structures.com\/wp-content\/uploads\/2011\/12\/belemniten-viele.png\" alt=\"\" width=\"1000\" height=\"808\" srcset=\"http:\/\/estructuras-de-impacto.impact-structures.com\/wp-content\/uploads\/2011\/12\/belemniten-viele.png 1000w, http:\/\/estructuras-de-impacto.impact-structures.com\/wp-content\/uploads\/2011\/12\/belemniten-viele-300x242.png 300w, http:\/\/estructuras-de-impacto.impact-structures.com\/wp-content\/uploads\/2011\/12\/belemniten-viele-371x300.png 371w\" sizes=\"auto, (max-width: 709px) 85vw, (max-width: 909px) 67vw, (max-width: 1362px) 62vw, 840px\" \/><\/a><\/p>\n<p>Fig. 4.\u00a0Belemnites del Ries poco deformados que exhiben la anteriormente mencionada disecci\u00f3n en \u201crodaja de pana\u201d de m\u00e1s o menos igual espesor. Esta observaci\u00f3n cuestiona la asumida deformaci\u00f3n catacl\u00e1stica (H\u00fcttner, 1969) tanto de f\u00f3siles\/geodas como del sedimento blando que los engloba.<\/p>\n<p><span class=\"Apple-style-span\" style=\"font-weight: bold; color: #000000;\"><a href=\"http:\/\/estructuras-de-impacto.impact-structures.com\/wp-content\/uploads\/2011\/12\/belemnit-kasten-kleiner-open-fractures.png\"><img loading=\"lazy\" decoding=\"async\" class=\"alignnone  wp-image-2393\" title=\"cr\u00e1ter-de-Ries-belemnites-chocados-5\" src=\"http:\/\/estructuras-de-impacto.impact-structures.com\/wp-content\/uploads\/2011\/12\/belemnit-kasten-kleiner-open-fractures.png\" alt=\"\" width=\"1000\" height=\"740\" srcset=\"http:\/\/estructuras-de-impacto.impact-structures.com\/wp-content\/uploads\/2011\/12\/belemnit-kasten-kleiner-open-fractures.png 1000w, http:\/\/estructuras-de-impacto.impact-structures.com\/wp-content\/uploads\/2011\/12\/belemnit-kasten-kleiner-open-fractures-300x222.png 300w, http:\/\/estructuras-de-impacto.impact-structures.com\/wp-content\/uploads\/2011\/12\/belemnit-kasten-kleiner-open-fractures-405x300.png 405w\" sizes=\"auto, (max-width: 709px) 85vw, (max-width: 909px) 67vw, (max-width: 1362px) 62vw, 840px\" \/><\/a><\/span><\/p>\n<p>Fig. 5. A menudo observadas con los belemnites del Ries; fracturas abiertas que llevan a la elongaci\u00f3n, lo que apunta a una fracturaci\u00f3n tensil del rostro. Muestra de Belemnites tal cual ha sido muestreada en su posici\u00f3n original en la arcillita Jur\u00e1sica.<\/p>\n<p><a href=\"http:\/\/estructuras-de-impacto.impact-structures.com\/wp-content\/uploads\/2011\/12\/belenit-kasten-gro\u00df-ausschnitt1.png\"><img loading=\"lazy\" decoding=\"async\" class=\"alignnone  wp-image-2395\" title=\"cr\u00e1ter-de-Ries-belemnites-chocados-6\" src=\"http:\/\/estructuras-de-impacto.impact-structures.com\/wp-content\/uploads\/2011\/12\/belenit-kasten-gro\u00df-ausschnitt1.png\" alt=\"\" width=\"1000\" height=\"788\" srcset=\"http:\/\/estructuras-de-impacto.impact-structures.com\/wp-content\/uploads\/2011\/12\/belenit-kasten-gro\u00df-ausschnitt1.png 1000w, http:\/\/estructuras-de-impacto.impact-structures.com\/wp-content\/uploads\/2011\/12\/belenit-kasten-gro\u00df-ausschnitt1-300x236.png 300w, http:\/\/estructuras-de-impacto.impact-structures.com\/wp-content\/uploads\/2011\/12\/belenit-kasten-gro\u00df-ausschnitt1-380x300.png 380w\" sizes=\"auto, (max-width: 709px) 85vw, (max-width: 909px) 67vw, (max-width: 1362px) 62vw, 840px\" \/><\/a><\/p>\n<p>Fig. 6.\u00a0Tambi\u00e9n en su posici\u00f3n original en la arcillita que los engloba: un rostro de belemnites intensamente fracturado. Las fracturas abiertas sugieren una fracturaci\u00f3n tensil opuesta a la deformaci\u00f3n catacl\u00e1stica. Muestra cortes\u00eda de P. Bockstaller.<\/p>\n<p>&nbsp;<\/p>\n<p><strong>Como los belemnites fracturados del Ries: concreciones carbonatadas y geodas deformadas<\/strong><\/p>\n<p>Deformaciones bastante similares pueden ser observadas a menudo en concreciones y geodas inmersas en las calizas y margas Jur\u00e1sicas del cr\u00e1ter de Ries procedentes del manto de eyectas. A diferencia de las fracturas presentes en los belemnites las de las concreciones y geodas son mayoritariamente subparalelas, raramente equidistantes, y frecuentemente concentradas en ciertas partes como puede ser la zona media del canto. Un corte completo de las geodas es raro, y las amplias fisuras abiertas que indican esfuerzos tensiles son abundantes. Este conjunto de observaciones tambi\u00e9n se oponen a un diaclasado por deformaci\u00f3n catacl\u00e1stica de los clastos s\u00f3lidos y de la matriz blanda.<\/p>\n<p><a href=\"http:\/\/estructuras-de-impacto.impact-structures.com\/wp-content\/uploads\/2011\/12\/geoden21.jpg\"><img loading=\"lazy\" decoding=\"async\" class=\"alignnone  wp-image-2397\" title=\"cr\u00e1ter-de-Ries-geodas-chocadas\" src=\"http:\/\/estructuras-de-impacto.impact-structures.com\/wp-content\/uploads\/2011\/12\/geoden21.jpg\" alt=\"\" width=\"800\" height=\"725\" srcset=\"http:\/\/estructuras-de-impacto.impact-structures.com\/wp-content\/uploads\/2011\/12\/geoden21.jpg 800w, http:\/\/estructuras-de-impacto.impact-structures.com\/wp-content\/uploads\/2011\/12\/geoden21-300x271.jpg 300w, http:\/\/estructuras-de-impacto.impact-structures.com\/wp-content\/uploads\/2011\/12\/geoden21-331x300.jpg 331w\" sizes=\"auto, (max-width: 800px) 85vw, 800px\" \/><\/a><\/p>\n<p>Fig. 7.\u00a0Geodas de caliza procedentes de las arcillas blandas del eyecta de la brecha Bunte que muestran deformaciones similares a las observadas en los belemnites. No\u00a0 obstante, la fracturaci\u00f3n en rodajas est\u00e1 menos desarrollada, siendo las fracturas subparalelas en el mejor de los casos, y los cantos permanecen coherentes. \u2013 Ejemplar procedente de la brecha Bunte de Holheim (en el borde del cr\u00e1ter) que est\u00e1 compuesta mayoritariamente por arcillitas del Li\u00e1sico y del Dogger.<\/p>\n<p><a href=\"http:\/\/estructuras-de-impacto.impact-structures.com\/wp-content\/uploads\/2011\/12\/belemnites-cobbles-ries-azuara-beschriftet.png\"><img loading=\"lazy\" decoding=\"async\" class=\"alignnone  wp-image-2401\" title=\"cr\u00e1ter-de-Ries-Azuara-Rubielos-espalaci\u00f3n\" src=\"http:\/\/estructuras-de-impacto.impact-structures.com\/wp-content\/uploads\/2011\/12\/belemnites-cobbles-ries-azuara-beschriftet.png\" alt=\"\" width=\"868\" height=\"660\" srcset=\"http:\/\/estructuras-de-impacto.impact-structures.com\/wp-content\/uploads\/2011\/12\/belemnites-cobbles-ries-azuara-beschriftet.png 868w, http:\/\/estructuras-de-impacto.impact-structures.com\/wp-content\/uploads\/2011\/12\/belemnites-cobbles-ries-azuara-beschriftet-300x228.png 300w, http:\/\/estructuras-de-impacto.impact-structures.com\/wp-content\/uploads\/2011\/12\/belemnites-cobbles-ries-azuara-beschriftet-394x300.png 394w\" sizes=\"auto, (max-width: 709px) 85vw, (max-width: 909px) 67vw, (max-width: 1362px) 62vw, 840px\" \/><\/a><\/p>\n<p>Fig. 8.\u00a0Probablemente la llave para entender el proceso de deformaci\u00f3n: la espalaci\u00f3n por impacto. Comparaci\u00f3n de una geoda del cr\u00e1ter de Ries con un canto cuarc\u00edtico procedente de las estructuras de impacto espa\u00f1olas de Azuara\/Rubielos de la C\u00e9rida: la similitud es sorprendente. El canto de cuarcita deformado es un ejemplo t\u00edpico (m\u00e1s en las im\u00e1genes de debajo) de la espalaci\u00f3n por choque que puede conllevar a una intensa fracturaci\u00f3n din\u00e1mica distensiva. Este proceso de impacto ha sido extensamente descrito y puede ser le\u00eddo <a href=\"http:\/\/estructuras-de-impacto.impact-structures.com\/?page_id=1434\" target=\"_blank\">AQU\u00cd<\/a>.<\/p>\n<p><a href=\"http:\/\/estructuras-de-impacto.impact-structures.com\/wp-content\/uploads\/2011\/12\/belemnites-cobbles-ries-azuara-2-beschriftet1.png\"><img loading=\"lazy\" decoding=\"async\" class=\"alignnone  wp-image-2399\" title=\"cr\u00e1ter-de-Ries-Azuara-Rubielos-espalaci\u00f3n-2\" src=\"http:\/\/estructuras-de-impacto.impact-structures.com\/wp-content\/uploads\/2011\/12\/belemnites-cobbles-ries-azuara-2-beschriftet1.png\" alt=\"\" width=\"818\" height=\"674\" srcset=\"http:\/\/estructuras-de-impacto.impact-structures.com\/wp-content\/uploads\/2011\/12\/belemnites-cobbles-ries-azuara-2-beschriftet1.png 818w, http:\/\/estructuras-de-impacto.impact-structures.com\/wp-content\/uploads\/2011\/12\/belemnites-cobbles-ries-azuara-2-beschriftet1-300x247.png 300w, http:\/\/estructuras-de-impacto.impact-structures.com\/wp-content\/uploads\/2011\/12\/belemnites-cobbles-ries-azuara-2-beschriftet1-364x300.png 364w\" sizes=\"auto, (max-width: 818px) 85vw, 818px\" \/><\/a><\/p>\n<p>Fig. 9.\u00a0Cantos con fracturaci\u00f3n id\u00e9ntica procedentes del crater de Ries y de Azuara\/Rubielos de la C\u00e9rida que sugieren el mismo proceso \u2013 por espalaci\u00f3n debida al choque por impacto \u2013 de formaci\u00f3n.<\/p>\n<p><a href=\"http:\/\/estructuras-de-impacto.impact-structures.com\/wp-content\/uploads\/2011\/12\/belemnites-cobbles-ries-azuara-3-beschriftet1.png\"><img loading=\"lazy\" decoding=\"async\" class=\"alignnone  wp-image-2402\" title=\"cr\u00e1ter-de-Ries-Azuara-Rubielos-espalaci\u00f3n-3\" src=\"http:\/\/estructuras-de-impacto.impact-structures.com\/wp-content\/uploads\/2011\/12\/belemnites-cobbles-ries-azuara-3-beschriftet1.png\" alt=\"\" width=\"856\" height=\"703\" srcset=\"http:\/\/estructuras-de-impacto.impact-structures.com\/wp-content\/uploads\/2011\/12\/belemnites-cobbles-ries-azuara-3-beschriftet1.png 856w, http:\/\/estructuras-de-impacto.impact-structures.com\/wp-content\/uploads\/2011\/12\/belemnites-cobbles-ries-azuara-3-beschriftet1-300x246.png 300w, http:\/\/estructuras-de-impacto.impact-structures.com\/wp-content\/uploads\/2011\/12\/belemnites-cobbles-ries-azuara-3-beschriftet1-365x300.png 365w\" sizes=\"auto, (max-width: 709px) 85vw, (max-width: 909px) 67vw, (max-width: 1362px) 62vw, 840px\" \/><\/a><\/p>\n<p>Fig. 10.\u00a0M\u00e1s similitudes a los belemnites cortados en rodajas: la fracturaci\u00f3n en escalera de una geoda del cr\u00e1ter de Ries y un canto cuarc\u00edtico procedente de las estructuras de impacto de Azuara\/Rubielos de la C\u00e9rida (Espa\u00f1a).<\/p>\n<p>&nbsp;<\/p>\n<h1><strong>\u00bfSimilar o diferente? La deformaci\u00f3n en rodajas de pan de un gran bloque y la comparaci\u00f3n con las deformaciones observadas en clastos de la cuenca de impacto de Rubielos de la C\u00e9rida.<\/strong><\/h1>\n<p><img loading=\"lazy\" decoding=\"async\" style=\"border-style: initial; border-color: initial; border-width: 0px;\" title=\"cr\u00e1ter-de-Ries-an\u00e1logo-belemnites-chocados\" src=\"http:\/\/www.impact-structures.com\/imagekl\/riesimage060.jpg\" alt=\"\" width=\"410\" height=\"307\" border=\"0\" \/><\/p>\n<p>Fig. 11.\u00a0\u00bfUn an\u00e1logo megasc\u00f3pico a los belemnites del Ries? Bloque de caliza del Malm con prominentes desplazamientos subparalelos estrechamente espaciados que ha sido extra\u00eddo del eyecta de la brecha Bunte (en la cantera de Ronheim) donde estaba inmerso en arcillitas blandas. Desafortunadamente el bloque no nos explica cuando experiment\u00f3 la peculiar deformaci\u00f3n que de modo claro no tiene un origen tect\u00f3nico pre-impacto. Si un tipo de espalaci\u00f3n fue responsable de esta deformaci\u00f3n en pan cortado en rodajas el bloque deber\u00eda haber estado expuesto al choque en una posici\u00f3n que favoreciera el contraste de impedancia entre la dura caliza y el blando material que la envuelve (o una superficie libre).<\/p>\n<p>El mismo tipo de deformaci\u00f3n es observada frecuentemente en el eyecta de la estructura de impacto doble de Azuara-Rubielos de la C\u00e9rida en Espa\u00f1a. Aqu\u00ed, los clastos de caliza tambi\u00e9n exhiben una fracturaci\u00f3n subparalela y desplazamientos sin que, no obstante, est\u00e9n fragmentados en trozos (Fig. 12).<\/p>\n<p><a href=\"http:\/\/estructuras-de-impacto.impact-structures.com\/wp-content\/uploads\/2011\/12\/bread-cut-to-slices-puerto-m\u00ednguez.jpg\"><img loading=\"lazy\" decoding=\"async\" class=\"alignnone  wp-image-2403\" title=\"deformaci\u00f3n-pan-cortado-puerto-m\u00ednguez\" src=\"http:\/\/estructuras-de-impacto.impact-structures.com\/wp-content\/uploads\/2011\/12\/bread-cut-to-slices-puerto-m\u00ednguez.jpg\" alt=\"\" width=\"767\" height=\"532\" srcset=\"http:\/\/estructuras-de-impacto.impact-structures.com\/wp-content\/uploads\/2011\/12\/bread-cut-to-slices-puerto-m\u00ednguez.jpg 767w, http:\/\/estructuras-de-impacto.impact-structures.com\/wp-content\/uploads\/2011\/12\/bread-cut-to-slices-puerto-m\u00ednguez-300x208.jpg 300w, http:\/\/estructuras-de-impacto.impact-structures.com\/wp-content\/uploads\/2011\/12\/bread-cut-to-slices-puerto-m\u00ednguez-432x300.jpg 432w\" sizes=\"auto, (max-width: 767px) 85vw, 767px\" \/><\/a><\/p>\n<p>Fig. 12.\u00a0Uno de los clastos de caliza t\u00edpicamente deformados procedentes del dep\u00f3sito de eyecta de Puerto Minguez, en la cuenca de impacto de Rubielos de la C\u00e9rida, en Espa\u00f1a. En este caso, tambi\u00e9n, los clastos se hallan inmersos en material blando del eyecta. Estas formas \u201cde pan cortado en rodajas\u201d est\u00e1n descritas en mayor detalle en \u00a0<a href=\"http:\/\/estructuras-de-impacto.impact-structures.com\/?page_id=1430\" target=\"_blank\">http:\/\/estructuras-de-impacto.impact-structures.com\/?page_id=1430<\/a><span style=\"text-decoration: underline;\">minguez\/mesoscopic-deformations\/<\/span><\/p>\n<p>&nbsp;<\/p>\n<h1><strong>M\u00e1s deformaciones de alta presi\u00f3n\/en corto espacio de tiempo en el cr\u00e1ter de Ries.<\/strong><\/h1>\n<p>Concreci\u00f3n caliza procedente del eyecta de la brecha Bunte que exhibe unas peculiares fracturas rotacionales. Apr\u00e9ciese que el canto no se haya roto en piezas. M\u00e1s informaci\u00f3n sobre las fracturas rotacionales inducidas puede hallarse en <span style=\"text-decoration: underline;\">http:\/\/www.impact-structures.com\/impact-spain\/the-continuous-impact-ejecta-deposits-at-the-puerto-minguez\/mesoscopic-deformations\/<\/span>, y en el art\u00edculo Ernstson, K. &amp; Claudin, F.: Pelarda Formation (Eastern Iberian Chains, NE Spain): Ejecta of the Azuara impact structure. \u2013 N.Jb.Geol.Pal\u00e4ont.Mh., 1990, 581-599, 1990.<\/p>\n<p><a href=\"http:\/\/estructuras-de-impacto.impact-structures.com\/wp-content\/uploads\/2011\/12\/riesimage056.jpg\"><img loading=\"lazy\" decoding=\"async\" class=\"alignnone size-full wp-image-2404\" title=\"cr\u00e1ter-de-Ries-fracturas-rotacionales\" src=\"http:\/\/estructuras-de-impacto.impact-structures.com\/wp-content\/uploads\/2011\/12\/riesimage056.jpg\" alt=\"\" width=\"378\" height=\"281\" srcset=\"http:\/\/estructuras-de-impacto.impact-structures.com\/wp-content\/uploads\/2011\/12\/riesimage056.jpg 378w, http:\/\/estructuras-de-impacto.impact-structures.com\/wp-content\/uploads\/2011\/12\/riesimage056-300x223.jpg 300w\" sizes=\"auto, (max-width: 378px) 85vw, 378px\" \/><\/a><\/p>\n<p>Fig. 13.\u00a0Concreci\u00f3n caliza procedente del eyecta de la brecha Bunte que exhibe unas peculiares fracturas rotacionales. Apr\u00e9ciese que el canto no se haya roto en piezas. M\u00e1s informaci\u00f3n sobre las fracturas rotacionales inducidas puede hallarse en <a href=\"http:\/\/estructuras-de-impacto.impact-structures.com\/?page_id=1430\" target=\"_blank\">http:\/\/estructuras-de-impacto.impact-structures.com\/?page_id=1430<\/a>, y en el art\u00edculo Ernstson, K. &amp; Claudin, F.: Pelarda Formation (Eastern Iberian Chains, NE Spain): Ejecta of the Azuara impact structure. \u2013 N.Jb.Geol.Pal\u00e4ont.Mh., 1990, 581-599, 1990.<\/p>\n<p><a href=\"http:\/\/estructuras-de-impacto.impact-structures.com\/wp-content\/uploads\/2011\/12\/ries-azuara-deformation1-1024x622.png\"><img loading=\"lazy\" decoding=\"async\" class=\"alignnone  wp-image-2405\" title=\"ries-azuara-rubielos-deformacion-choque\" src=\"http:\/\/estructuras-de-impacto.impact-structures.com\/wp-content\/uploads\/2011\/12\/ries-azuara-deformation1-1024x622.png\" alt=\"\" width=\"1024\" height=\"622\" srcset=\"http:\/\/estructuras-de-impacto.impact-structures.com\/wp-content\/uploads\/2011\/12\/ries-azuara-deformation1-1024x622.png 1024w, http:\/\/estructuras-de-impacto.impact-structures.com\/wp-content\/uploads\/2011\/12\/ries-azuara-deformation1-1024x622-300x182.png 300w, http:\/\/estructuras-de-impacto.impact-structures.com\/wp-content\/uploads\/2011\/12\/ries-azuara-deformation1-1024x622-493x300.png 493w\" sizes=\"auto, (max-width: 709px) 85vw, (max-width: 909px) 67vw, (max-width: 1362px) 62vw, 840px\" \/><\/a><\/p>\n<p>Fog. 14.\u00a0M\u00e1s deformaciones de alta presi\u00f3n\/en corto espacio de tiempo en el cr\u00e1ter de Ries\u00a0y un canto cuarc\u00edtico procedente de las estructuras de impacto de Azuara\/Rubielos de la C\u00e9rida (Espa\u00f1a).<\/p>\n<p>&nbsp;<\/p>\n<h1><strong>\u201cCantos con hoyos\u201d (\u00abcantos de Pook\u00bb) en el cr\u00e1ter de Ries<\/strong><\/h1>\n<p><img loading=\"lazy\" decoding=\"async\" style=\"border-style: initial; border-color: initial; border-width: 0px;\" title=\"cr\u00e1ter-de-Ries-canto-Pook's-pebbles\" src=\"http:\/\/www.impact-structures.com\/imagekl\/riesimage062.jpg\" alt=\"\" width=\"413\" height=\"317\" border=\"0\" \/><\/p>\n<p>Fig. 15. \u201cCanto de Pook\u201d (\u00abPook&#8217;s pebble\u00bb) procedente del eyecta de brecha Bunte del crater de Ries (cantera de Gundelsheim). En el eyecta de Belice procedente de la estructura de impacto de Chicxulub, la capa de cantos de pook se caracteriza por cantos calizos que muestran prominentes estructuras de penetraci\u00f3n, estriaciones y pulido (ver, p.e, el art\u00edculo elaborado por Ocampo et al. : <a href=\"http:\/\/www.lpi.usra.edu\/meetings\/lpsc97\/pdf\/1861.PDF\" target=\"_blank\">http:\/\/www.lpi.usra.edu\/meetings\/lpsc97\/pdf\/1861.PDF<\/a>). Este clasto de caliza procedente del eyecta del Ries muestra tambi\u00e9n una ostensible marca de penetraci\u00f3n causada por deformaci\u00f3n pl\u00e1stica. Con la ayuda de una lupa, pueden tambi\u00e9n apreciarse estriaciones y pulido.<\/p>\n<p>El mismo tipo de deformaci\u00f3n es abundante en el eyecta (Fm. Pelarda, eyecta de Puerto M\u00ednguez) de la estructura doble de impacto de Azuara-Rubielos de la C\u00e9rida sita en Espa\u00f1a (<a href=\"http:\/\/estructuras-de-impacto.impact-structures.com\/?page_id=1430\" target=\"_blank\">http:\/\/estructuras-de-impacto.impact-structures.com\/?page_id=1430<\/a>\u00a0.<\/p>\n<p style=\"font-size: 12pt;\"><img loading=\"lazy\" decoding=\"async\" style=\"border-style: initial; border-color: initial; border-width: 0px;\" title=\"cr\u00e1ter-de-Ries-canto-redondeado\" src=\"http:\/\/www.impact-structures.com\/imagekl\/riesimage064.jpg\" alt=\"\" width=\"409\" height=\"307\" border=\"0\" \/><\/p>\n<p style=\"font-size: 12pt;\">Fig. 16.\u00a0Canto calizo estriado y bien redondeado del Malm (no se trata de una concreci\u00f3n!) localizado en arcillas Li\u00e1sicas del eyecta de brecha Bunte del Ries (cantera de Ronheim). Los cantos de morfolog\u00eda subredondeada a bien redondeada son una caracter\u00edstica bien conocida en las brechas de impacto. En la estructura de impacto doble de Azuara-Rubielos de la C\u00e9rida, una conglomerizaci\u00f3n por impacto (nuestra definici\u00f3n) puede ser apreciada. \u00c9sta se caracteriza por la formaci\u00f3n in situ de cantos bien redondeados a partir de capas masivas de caliza. Sugerimos que los cantos de caliza bien redondeados presentes en la brecha Bunte sufrieron un proceso similar de conglomerizaci\u00f3n en el proceso de deformaci\u00f3n por impacto. Sugerimos adem\u00e1s, que los bien conocidos cantos estriados de Buchberg hallados en los eyecta de la brecha Bunte han tenido el mismo origen (diferente del admitido usualmente por el que se asume que estan relacionados con conglomerados del Terciario pre-Ries) .<\/p>\n<h2>Conos astillados<\/h2>\n<p><a href=\"http:\/\/estructuras-de-impacto.impact-structures.com\/wp-content\/uploads\/2011\/12\/ries-shatter-cone-wengenhausen2.png\"><img loading=\"lazy\" decoding=\"async\" class=\"alignnone  wp-image-2406\" title=\"cr\u00e1ter-de-Ries-cono-astillado\" src=\"http:\/\/estructuras-de-impacto.impact-structures.com\/wp-content\/uploads\/2011\/12\/ries-shatter-cone-wengenhausen2.png\" alt=\"\" width=\"875\" height=\"755\" srcset=\"http:\/\/estructuras-de-impacto.impact-structures.com\/wp-content\/uploads\/2011\/12\/ries-shatter-cone-wengenhausen2.png 875w, http:\/\/estructuras-de-impacto.impact-structures.com\/wp-content\/uploads\/2011\/12\/ries-shatter-cone-wengenhausen2-300x258.png 300w, http:\/\/estructuras-de-impacto.impact-structures.com\/wp-content\/uploads\/2011\/12\/ries-shatter-cone-wengenhausen2-347x300.png 347w\" sizes=\"auto, (max-width: 709px) 85vw, (max-width: 909px) 67vw, (max-width: 1362px) 62vw, 840px\" \/><\/a><\/p>\n<p>Fig. 17.\u00a0Conos astillados sitos en una kersantita hornblend\u00edfera. Proceden de la cantera abandonada de Wengenhausen. M\u00e1s informaci\u00f3n sobre la formaci\u00f3n de conos astillados, m\u00e1s conos astillados del cr\u00e1ter de Ries y de otras estructuras de impacto pueden verse en on<span style=\"color: #ff0000;\">\u00a0<a href=\"http:\/\/estructuras-de-impacto.impact-structures.com\/?page_id=208\" target=\"_blank\">http:\/\/estructuras-de-impacto.impact-structures.com\/?page_id=208<\/a>\u00a0.<\/span><\/p>\n","protected":false},"excerpt":{"rendered":"<p>Los belemnites chocados de Ries Los denominados belemnites de Ries son bien conocidos desde que los ge\u00f3logos han trabajado en el \u00e0rea del Ries. Inmersos en margas y arcillas del Jur\u00e1sico su rostro intensamente fracturado fue relacionado de modo incuestionable con una fuerte y s\u00fabita deformaci\u00f3n que en tiempos de la hip\u00f2tesis volc\u00e0nica fue adscrita &hellip; <a href=\"http:\/\/estructuras-de-impacto.impact-structures.com\/?page_id=157\" class=\"more-link\">Continuar leyendo<span class=\"screen-reader-text\"> \u00abCr\u00e1ter de Ries: espalaci\u00f3n y deformaciones mesosc\u00f3picas\u00bb<\/span><\/a><\/p>\n","protected":false},"author":1,"featured_media":0,"parent":151,"menu_order":3,"comment_status":"closed","ping_status":"closed","template":"sidebar-page.php","meta":{"footnotes":""},"class_list":["post-157","page","type-page","status-publish","hentry"],"yoast_head":"<!-- This site is optimized with the Yoast SEO plugin v27.3 - https:\/\/yoast.com\/product\/yoast-seo-wordpress\/ -->\n<title>Cr\u00e1ter de Ries: espalaci\u00f3n y deformaciones mesosc\u00f3picas - ERNSTSON CLAUDIN ESTRUCTURAS DE IMPACTO - CR\u00c1TERES METEOR\u00cdTICOS<\/title>\n<meta name=\"robots\" content=\"index, follow, max-snippet:-1, max-image-preview:large, max-video-preview:-1\" \/>\n<link rel=\"canonical\" href=\"http:\/\/estructuras-de-impacto.impact-structures.com\/?page_id=157\" \/>\n<meta property=\"og:locale\" content=\"es_ES\" \/>\n<meta property=\"og:type\" content=\"article\" \/>\n<meta property=\"og:title\" content=\"Cr\u00e1ter de Ries: espalaci\u00f3n y deformaciones mesosc\u00f3picas - ERNSTSON CLAUDIN ESTRUCTURAS DE IMPACTO - CR\u00c1TERES METEOR\u00cdTICOS\" \/>\n<meta property=\"og:description\" content=\"Los belemnites chocados de Ries Los denominados belemnites de Ries son bien conocidos desde que los ge\u00f3logos han trabajado en el \u00e0rea del Ries. Inmersos en margas y arcillas del Jur\u00e1sico su rostro intensamente fracturado fue relacionado de modo incuestionable con una fuerte y s\u00fabita deformaci\u00f3n que en tiempos de la hip\u00f2tesis volc\u00e0nica fue adscrita &hellip; Continuar leyendo &quot;Cr\u00e1ter de Ries: espalaci\u00f3n y deformaciones mesosc\u00f3picas&quot;\" \/>\n<meta property=\"og:url\" content=\"http:\/\/estructuras-de-impacto.impact-structures.com\/?page_id=157\" \/>\n<meta property=\"og:site_name\" content=\"ERNSTSON CLAUDIN ESTRUCTURAS DE IMPACTO - CR\u00c1TERES METEOR\u00cdTICOS\" \/>\n<meta property=\"article:modified_time\" content=\"2013-03-07T18:38:40+00:00\" \/>\n<meta property=\"og:image\" content=\"http:\/\/estructuras-de-impacto.impact-structures.com\/wp-content\/uploads\/2011\/12\/belemniten-originalbild.jpg\" \/>\n<meta name=\"twitter:card\" content=\"summary_large_image\" \/>\n<meta name=\"twitter:label1\" content=\"Tiempo de lectura\" \/>\n\t<meta name=\"twitter:data1\" content=\"9 minutos\" \/>\n<script type=\"application\/ld+json\" class=\"yoast-schema-graph\">{\"@context\":\"https:\\\/\\\/schema.org\",\"@graph\":[{\"@type\":\"WebPage\",\"@id\":\"http:\\\/\\\/estructuras-de-impacto.impact-structures.com\\\/?page_id=157\",\"url\":\"http:\\\/\\\/estructuras-de-impacto.impact-structures.com\\\/?page_id=157\",\"name\":\"Cr\u00e1ter de Ries: espalaci\u00f3n y deformaciones mesosc\u00f3picas - ERNSTSON CLAUDIN ESTRUCTURAS DE IMPACTO - CR\u00c1TERES METEOR\u00cdTICOS\",\"isPartOf\":{\"@id\":\"http:\\\/\\\/estructuras-de-impacto.impact-structures.com\\\/#website\"},\"primaryImageOfPage\":{\"@id\":\"http:\\\/\\\/estructuras-de-impacto.impact-structures.com\\\/?page_id=157#primaryimage\"},\"image\":{\"@id\":\"http:\\\/\\\/estructuras-de-impacto.impact-structures.com\\\/?page_id=157#primaryimage\"},\"thumbnailUrl\":\"http:\\\/\\\/estructuras-de-impacto.impact-structures.com\\\/wp-content\\\/uploads\\\/2011\\\/12\\\/belemniten-originalbild.jpg\",\"datePublished\":\"2011-12-02T16:11:39+00:00\",\"dateModified\":\"2013-03-07T18:38:40+00:00\",\"breadcrumb\":{\"@id\":\"http:\\\/\\\/estructuras-de-impacto.impact-structures.com\\\/?page_id=157#breadcrumb\"},\"inLanguage\":\"es\",\"potentialAction\":[{\"@type\":\"ReadAction\",\"target\":[\"http:\\\/\\\/estructuras-de-impacto.impact-structures.com\\\/?page_id=157\"]}]},{\"@type\":\"ImageObject\",\"inLanguage\":\"es\",\"@id\":\"http:\\\/\\\/estructuras-de-impacto.impact-structures.com\\\/?page_id=157#primaryimage\",\"url\":\"http:\\\/\\\/estructuras-de-impacto.impact-structures.com\\\/wp-content\\\/uploads\\\/2011\\\/12\\\/belemniten-originalbild.jpg\",\"contentUrl\":\"http:\\\/\\\/estructuras-de-impacto.impact-structures.com\\\/wp-content\\\/uploads\\\/2011\\\/12\\\/belemniten-originalbild.jpg\"},{\"@type\":\"BreadcrumbList\",\"@id\":\"http:\\\/\\\/estructuras-de-impacto.impact-structures.com\\\/?page_id=157#breadcrumb\",\"itemListElement\":[{\"@type\":\"ListItem\",\"position\":1,\"name\":\"Portada\",\"item\":\"http:\\\/\\\/estructuras-de-impacto.impact-structures.com\\\/\"},{\"@type\":\"ListItem\",\"position\":2,\"name\":\"Las estructuras de impacto en Alemania\",\"item\":\"http:\\\/\\\/estructuras-de-impacto.impact-structures.com\\\/?page_id=108\"},{\"@type\":\"ListItem\",\"position\":3,\"name\":\"La estructura de impacto de Ries (Alemania)\",\"item\":\"http:\\\/\\\/estructuras-de-impacto.impact-structures.com\\\/?page_id=151\"},{\"@type\":\"ListItem\",\"position\":4,\"name\":\"Cr\u00e1ter de Ries: espalaci\u00f3n y deformaciones mesosc\u00f3picas\"}]},{\"@type\":\"WebSite\",\"@id\":\"http:\\\/\\\/estructuras-de-impacto.impact-structures.com\\\/#website\",\"url\":\"http:\\\/\\\/estructuras-de-impacto.impact-structures.com\\\/\",\"name\":\"ERNSTSON CLAUDIN ESTRUCTURAS DE IMPACTO - CR\u00c1TERES METEOR\u00cdTICOS\",\"description\":\"Investigaci\u00f3n sobre la geolog\u00eda, geof\u00edsica, y petrolog\u00eda\",\"potentialAction\":[{\"@type\":\"SearchAction\",\"target\":{\"@type\":\"EntryPoint\",\"urlTemplate\":\"http:\\\/\\\/estructuras-de-impacto.impact-structures.com\\\/?s={search_term_string}\"},\"query-input\":{\"@type\":\"PropertyValueSpecification\",\"valueRequired\":true,\"valueName\":\"search_term_string\"}}],\"inLanguage\":\"es\"}]}<\/script>\n<!-- \/ Yoast SEO plugin. -->","yoast_head_json":{"title":"Cr\u00e1ter de Ries: espalaci\u00f3n y deformaciones mesosc\u00f3picas - ERNSTSON CLAUDIN ESTRUCTURAS DE IMPACTO - CR\u00c1TERES METEOR\u00cdTICOS","robots":{"index":"index","follow":"follow","max-snippet":"max-snippet:-1","max-image-preview":"max-image-preview:large","max-video-preview":"max-video-preview:-1"},"canonical":"http:\/\/estructuras-de-impacto.impact-structures.com\/?page_id=157","og_locale":"es_ES","og_type":"article","og_title":"Cr\u00e1ter de Ries: espalaci\u00f3n y deformaciones mesosc\u00f3picas - ERNSTSON CLAUDIN ESTRUCTURAS DE IMPACTO - CR\u00c1TERES METEOR\u00cdTICOS","og_description":"Los belemnites chocados de Ries Los denominados belemnites de Ries son bien conocidos desde que los ge\u00f3logos han trabajado en el \u00e0rea del Ries. Inmersos en margas y arcillas del Jur\u00e1sico su rostro intensamente fracturado fue relacionado de modo incuestionable con una fuerte y s\u00fabita deformaci\u00f3n que en tiempos de la hip\u00f2tesis volc\u00e0nica fue adscrita &hellip; Continuar leyendo \"Cr\u00e1ter de Ries: espalaci\u00f3n y deformaciones mesosc\u00f3picas\"","og_url":"http:\/\/estructuras-de-impacto.impact-structures.com\/?page_id=157","og_site_name":"ERNSTSON CLAUDIN ESTRUCTURAS DE IMPACTO - CR\u00c1TERES METEOR\u00cdTICOS","article_modified_time":"2013-03-07T18:38:40+00:00","og_image":[{"url":"http:\/\/estructuras-de-impacto.impact-structures.com\/wp-content\/uploads\/2011\/12\/belemniten-originalbild.jpg","type":"","width":"","height":""}],"twitter_card":"summary_large_image","twitter_misc":{"Tiempo de lectura":"9 minutos"},"schema":{"@context":"https:\/\/schema.org","@graph":[{"@type":"WebPage","@id":"http:\/\/estructuras-de-impacto.impact-structures.com\/?page_id=157","url":"http:\/\/estructuras-de-impacto.impact-structures.com\/?page_id=157","name":"Cr\u00e1ter de Ries: espalaci\u00f3n y deformaciones mesosc\u00f3picas - ERNSTSON CLAUDIN ESTRUCTURAS DE IMPACTO - CR\u00c1TERES METEOR\u00cdTICOS","isPartOf":{"@id":"http:\/\/estructuras-de-impacto.impact-structures.com\/#website"},"primaryImageOfPage":{"@id":"http:\/\/estructuras-de-impacto.impact-structures.com\/?page_id=157#primaryimage"},"image":{"@id":"http:\/\/estructuras-de-impacto.impact-structures.com\/?page_id=157#primaryimage"},"thumbnailUrl":"http:\/\/estructuras-de-impacto.impact-structures.com\/wp-content\/uploads\/2011\/12\/belemniten-originalbild.jpg","datePublished":"2011-12-02T16:11:39+00:00","dateModified":"2013-03-07T18:38:40+00:00","breadcrumb":{"@id":"http:\/\/estructuras-de-impacto.impact-structures.com\/?page_id=157#breadcrumb"},"inLanguage":"es","potentialAction":[{"@type":"ReadAction","target":["http:\/\/estructuras-de-impacto.impact-structures.com\/?page_id=157"]}]},{"@type":"ImageObject","inLanguage":"es","@id":"http:\/\/estructuras-de-impacto.impact-structures.com\/?page_id=157#primaryimage","url":"http:\/\/estructuras-de-impacto.impact-structures.com\/wp-content\/uploads\/2011\/12\/belemniten-originalbild.jpg","contentUrl":"http:\/\/estructuras-de-impacto.impact-structures.com\/wp-content\/uploads\/2011\/12\/belemniten-originalbild.jpg"},{"@type":"BreadcrumbList","@id":"http:\/\/estructuras-de-impacto.impact-structures.com\/?page_id=157#breadcrumb","itemListElement":[{"@type":"ListItem","position":1,"name":"Portada","item":"http:\/\/estructuras-de-impacto.impact-structures.com\/"},{"@type":"ListItem","position":2,"name":"Las estructuras de impacto en Alemania","item":"http:\/\/estructuras-de-impacto.impact-structures.com\/?page_id=108"},{"@type":"ListItem","position":3,"name":"La estructura de impacto de Ries (Alemania)","item":"http:\/\/estructuras-de-impacto.impact-structures.com\/?page_id=151"},{"@type":"ListItem","position":4,"name":"Cr\u00e1ter de Ries: espalaci\u00f3n y deformaciones mesosc\u00f3picas"}]},{"@type":"WebSite","@id":"http:\/\/estructuras-de-impacto.impact-structures.com\/#website","url":"http:\/\/estructuras-de-impacto.impact-structures.com\/","name":"ERNSTSON CLAUDIN ESTRUCTURAS DE IMPACTO - CR\u00c1TERES METEOR\u00cdTICOS","description":"Investigaci\u00f3n sobre la geolog\u00eda, geof\u00edsica, y petrolog\u00eda","potentialAction":[{"@type":"SearchAction","target":{"@type":"EntryPoint","urlTemplate":"http:\/\/estructuras-de-impacto.impact-structures.com\/?s={search_term_string}"},"query-input":{"@type":"PropertyValueSpecification","valueRequired":true,"valueName":"search_term_string"}}],"inLanguage":"es"}]}},"_links":{"self":[{"href":"http:\/\/estructuras-de-impacto.impact-structures.com\/index.php?rest_route=\/wp\/v2\/pages\/157","targetHints":{"allow":["GET"]}}],"collection":[{"href":"http:\/\/estructuras-de-impacto.impact-structures.com\/index.php?rest_route=\/wp\/v2\/pages"}],"about":[{"href":"http:\/\/estructuras-de-impacto.impact-structures.com\/index.php?rest_route=\/wp\/v2\/types\/page"}],"author":[{"embeddable":true,"href":"http:\/\/estructuras-de-impacto.impact-structures.com\/index.php?rest_route=\/wp\/v2\/users\/1"}],"replies":[{"embeddable":true,"href":"http:\/\/estructuras-de-impacto.impact-structures.com\/index.php?rest_route=%2Fwp%2Fv2%2Fcomments&post=157"}],"version-history":[{"count":0,"href":"http:\/\/estructuras-de-impacto.impact-structures.com\/index.php?rest_route=\/wp\/v2\/pages\/157\/revisions"}],"up":[{"embeddable":true,"href":"http:\/\/estructuras-de-impacto.impact-structures.com\/index.php?rest_route=\/wp\/v2\/pages\/151"}],"wp:attachment":[{"href":"http:\/\/estructuras-de-impacto.impact-structures.com\/index.php?rest_route=%2Fwp%2Fv2%2Fmedia&parent=157"}],"curies":[{"name":"wp","href":"https:\/\/api.w.org\/{rel}","templated":true}]}}